{"id":22963,"date":"2023-03-23T17:55:49","date_gmt":"2023-03-23T16:55:49","guid":{"rendered":"https:\/\/parkingrome.it\/votre-vehicule-reserver-un-parking-a-rome\/"},"modified":"2025-12-03T09:08:44","modified_gmt":"2025-12-03T08:08:44","slug":"votre-vehicule-reserver-un-parking-a-rome","status":"publish","type":"page","link":"https:\/\/parkingrome.it\/fr\/votre-vehicule-reserver-un-parking-a-rome\/","title":{"rendered":"Votre v\u00e9hicule &#8211; r\u00e9server un parking \u00e0 Rome"},"content":{"rendered":"<p>[vc_row css=\u00a0\u00bb.vc_custom_1648130804861{margin-top: -50px !important;}\u00a0\u00bb][vc_column][vc_custom_heading text=\u00a0\u00bbDIRECT ! &#8211; Parking \u00e0 Rome pr\u00e8s du m\u00e9tro et du centre ville \u00a0\u00bb font_container=\u00a0\u00bbtag:h2|font_size:24|text_align:center|color:%231d600e|line_height:1.5&Prime; use_theme_fonts=\u00a0\u00bbyes\u00a0\u00bb css_animation=\u00a0\u00bbflipInY\u00a0\u00bb][\/vc_column][\/vc_row][vc_row][vc_column][vc_single_image image=\u00a0\u00bb17814&Prime; img_size=\u00a0\u00bbfull\u00a0\u00bb alignment=\u00a0\u00bbcenter\u00a0\u00bb style=\u00a0\u00bbvc_box_shadow_3d\u00a0\u00bb css_animation=\u00a0\u00bbfadeInDown\u00a0\u00bb][\/vc_column][\/vc_row][vc_row css=\u00a0\u00bb.vc_custom_1648191675884{margin-top: -50px !important;}\u00a0\u00bb][vc_column][vc_column_text css=\u00a0\u00bb\u00a0\u00bb]<\/p>\n<p style=\"text-align: center;\"><strong>parking couvert et gard\u00e9 (10 h !)<\/strong><\/p>\n<p><img decoding=\"async\" class=\"lazyload wp-image-17647 size-full aligncenter\" src=\"data:image\/svg+xml,%3Csvg%20xmlns%3D%27http%3A%2F%2Fwww.w3.org%2F2000%2Fsvg%27%20width%3D%27120%27%20height%3D%27120%27%20viewBox%3D%270%200%20120%20120%27%3E%3Crect%20width%3D%27120%27%20height%3D%27120%27%20fill-opacity%3D%220%22%2F%3E%3C%2Fsvg%3E\" data-orig-src=\"https:\/\/parkingrome.it\/wp-content\/uploads\/2022\/04\/moto-2.png\" alt=\"\" width=\"120\" height=\"120\"><\/p>\n<h4 style=\"text-align: center;\"><strong><img decoding=\"async\" class=\"lazyload alignnone wp-image-19193 size-full\" src=\"data:image\/svg+xml,%3Csvg%20xmlns%3D%27http%3A%2F%2Fwww.w3.org%2F2000%2Fsvg%27%20width%3D%2775%27%20height%3D%2775%27%20viewBox%3D%270%200%2075%2075%27%3E%3Crect%20width%3D%2775%27%20height%3D%2775%27%20fill-opacity%3D%220%22%2F%3E%3C%2Fsvg%3E\" data-orig-src=\"https:\/\/parkingrome.it\/wp-content\/uploads\/2022\/06\/indicazioni-parcheggio-moto-auto-furgone.gif\" alt=\"\" width=\"75\" height=\"75\"><\/strong><\/h4>\n<h4 style=\"text-align: center;\"><strong><img decoding=\"async\" class=\"lazyload alignnone wp-image-17477 size-full\" src=\"data:image\/svg+xml,%3Csvg%20xmlns%3D%27http%3A%2F%2Fwww.w3.org%2F2000%2Fsvg%27%20width%3D%2730%27%20height%3D%2730%27%20viewBox%3D%270%200%2030%2030%27%3E%3Crect%20width%3D%2730%27%20height%3D%2730%27%20fill-opacity%3D%220%22%2F%3E%3C%2Fsvg%3E\" data-orig-src=\"https:\/\/parkingrome.it\/wp-content\/uploads\/2022\/04\/economico.png\" alt=\"\" width=\"30\" height=\"30\"><a href=\"https:\/\/parkingrome.it\/fr\/parkcity-96\/\">ECONOMIQUE : \u00e0 partir de 7 \u20ac.<\/a><\/strong><\/h4>\n<hr>\n<h4 style=\"text-align: center;\"><strong data-wp-editing=\"1\"><img decoding=\"async\" class=\"lazyload alignnone wp-image-17519 size-full\" src=\"data:image\/svg+xml,%3Csvg%20xmlns%3D%27http%3A%2F%2Fwww.w3.org%2F2000%2Fsvg%27%20width%3D%2730%27%20height%3D%2730%27%20viewBox%3D%270%200%2030%2030%27%3E%3Crect%20width%3D%2730%27%20height%3D%2730%27%20fill-opacity%3D%220%22%2F%3E%3C%2Fsvg%3E\" data-orig-src=\"https:\/\/parkingrome.it\/wp-content\/uploads\/2022\/04\/roma-colosseo.png\" alt=\"\" width=\"30\" height=\"30\"><a href=\"https:\/\/parkingrome.it\/fr\/president\/\">CENTRALISME : \u00e0 partir de 10 \u20ac.<\/a><\/strong><\/h4>\n<hr>\n<p style=\"text-align: center;\"><strong>couvert et surveill\u00e9 (10 h !)<\/strong><\/p>\n<div id=\"attachment_28201\" style=\"width: 130px\" class=\"wp-caption aligncenter\"><img decoding=\"async\" aria-describedby=\"caption-attachment-28201\" class=\"lazyload wp-image-28199 size-full\" src=\"data:image\/svg+xml,%3Csvg%20xmlns%3D%27http%3A%2F%2Fwww.w3.org%2F2000%2Fsvg%27%20width%3D%27120%27%20height%3D%27120%27%20viewBox%3D%270%200%20120%20120%27%3E%3Crect%20width%3D%27120%27%20height%3D%27120%27%20fill-opacity%3D%220%22%2F%3E%3C%2Fsvg%3E\" data-orig-src=\"https:\/\/parkingrome.it\/wp-content\/uploads\/2023\/07\/auto-PICCOLA-bis.png\" alt=\"petite voiture\" width=\"120\" height=\"120\"><p id=\"caption-attachment-28201\" class=\"wp-caption-text\">petite voiture<\/p><\/div>\n<h4 style=\"text-align: center;\"><strong><img decoding=\"async\" class=\"lazyload alignnone wp-image-19193 size-full\" src=\"data:image\/svg+xml,%3Csvg%20xmlns%3D%27http%3A%2F%2Fwww.w3.org%2F2000%2Fsvg%27%20width%3D%2775%27%20height%3D%2775%27%20viewBox%3D%270%200%2075%2075%27%3E%3Crect%20width%3D%2775%27%20height%3D%2775%27%20fill-opacity%3D%220%22%2F%3E%3C%2Fsvg%3E\" data-orig-src=\"https:\/\/parkingrome.it\/wp-content\/uploads\/2022\/06\/indicazioni-parcheggio-moto-auto-furgone.gif\" alt=\"\" width=\"75\" height=\"75\"><\/strong><\/h4>\n<h4 style=\"text-align: center;\"><strong><img decoding=\"async\" class=\"lazyload alignnone wp-image-17477 size-full\" src=\"data:image\/svg+xml,%3Csvg%20xmlns%3D%27http%3A%2F%2Fwww.w3.org%2F2000%2Fsvg%27%20width%3D%2730%27%20height%3D%2730%27%20viewBox%3D%270%200%2030%2030%27%3E%3Crect%20width%3D%2730%27%20height%3D%2730%27%20fill-opacity%3D%220%22%2F%3E%3C%2Fsvg%3E\" data-orig-src=\"https:\/\/parkingrome.it\/wp-content\/uploads\/2022\/04\/economico.png\" alt=\"\" width=\"30\" height=\"30\"><a href=\"https:\/\/parkingrome.it\/fr\/parkcity-96\/\">ECONOMIQUE : \u00e0 partir de 13 \u20ac.<\/a><\/strong><\/h4>\n<hr>\n<h4 style=\"text-align: center;\"><strong data-wp-editing=\"1\"><img decoding=\"async\" class=\"lazyload alignnone wp-image-17519 size-full\" src=\"data:image\/svg+xml,%3Csvg%20xmlns%3D%27http%3A%2F%2Fwww.w3.org%2F2000%2Fsvg%27%20width%3D%2730%27%20height%3D%2730%27%20viewBox%3D%270%200%2030%2030%27%3E%3Crect%20width%3D%2730%27%20height%3D%2730%27%20fill-opacity%3D%220%22%2F%3E%3C%2Fsvg%3E\" data-orig-src=\"https:\/\/parkingrome.it\/wp-content\/uploads\/2022\/04\/roma-colosseo.png\" alt=\"\" width=\"30\" height=\"30\"><a href=\"https:\/\/parkingrome.it\/fr\/president\/\">TR\u00c8S CENTRAL: \u00e0 partir de 18 \u20ac.<\/a><\/strong><\/h4>\n<hr>\n<p>&nbsp;<\/p>\n<p style=\"text-align: center;\"><strong>parking couvert et gard\u00e9 (10h !)<\/strong><\/p>\n<p style=\"text-align: center;\"><img decoding=\"async\" class=\"lazyload alignnone wp-image-19223 size-full\" src=\"data:image\/svg+xml,%3Csvg%20xmlns%3D%27http%3A%2F%2Fwww.w3.org%2F2000%2Fsvg%27%20width%3D%27120%27%20height%3D%27120%27%20viewBox%3D%270%200%20120%20120%27%3E%3Crect%20width%3D%27120%27%20height%3D%27120%27%20fill-opacity%3D%220%22%2F%3E%3C%2Fsvg%3E\" data-orig-src=\"https:\/\/parkingrome.it\/wp-content\/uploads\/2022\/10\/Minivan.png\" alt=\"\" width=\"120\" height=\"120\"><\/p>\n<h3 style=\"text-align: center;\"><img decoding=\"async\" class=\"lazyload alignnone wp-image-19193 size-full\" src=\"data:image\/svg+xml,%3Csvg%20xmlns%3D%27http%3A%2F%2Fwww.w3.org%2F2000%2Fsvg%27%20width%3D%2775%27%20height%3D%2775%27%20viewBox%3D%270%200%2075%2075%27%3E%3Crect%20width%3D%2775%27%20height%3D%2775%27%20fill-opacity%3D%220%22%2F%3E%3C%2Fsvg%3E\" data-orig-src=\"https:\/\/parkingrome.it\/wp-content\/uploads\/2022\/06\/indicazioni-parcheggio-moto-auto-furgone.gif\" alt=\"\" width=\"75\" height=\"75\"><\/h3>\n<h4 style=\"text-align: center;\"><strong><img decoding=\"async\" class=\"lazyload alignnone wp-image-17477 size-full\" src=\"data:image\/svg+xml,%3Csvg%20xmlns%3D%27http%3A%2F%2Fwww.w3.org%2F2000%2Fsvg%27%20width%3D%2730%27%20height%3D%2730%27%20viewBox%3D%270%200%2030%2030%27%3E%3Crect%20width%3D%2730%27%20height%3D%2730%27%20fill-opacity%3D%220%22%2F%3E%3C%2Fsvg%3E\" data-orig-src=\"https:\/\/parkingrome.it\/wp-content\/uploads\/2022\/04\/economico.png\" alt=\"\" width=\"30\" height=\"30\"><a href=\"https:\/\/parkingrome.it\/fr\/parkcity-96\/\">\u00c9CONOMIQUE : \u00e0 partir de 20 \u20ac.<\/a><\/strong><\/h4>\n<hr>\n<p>[<\/p>\n<p style=\"text-align: center;\"><strong>parking couvert et gard\u00e9 (10h !)<\/strong><\/p>\n<p style=\"text-align: center;\"><img decoding=\"async\" class=\"lazyload alignnone wp-image-17625 size-full\" src=\"data:image\/svg+xml,%3Csvg%20xmlns%3D%27http%3A%2F%2Fwww.w3.org%2F2000%2Fsvg%27%20width%3D%27120%27%20height%3D%27120%27%20viewBox%3D%270%200%20120%20120%27%3E%3Crect%20width%3D%27120%27%20height%3D%27120%27%20fill-opacity%3D%220%22%2F%3E%3C%2Fsvg%3E\" data-orig-src=\"https:\/\/parkingrome.it\/wp-content\/uploads\/2022\/04\/furgone-piccolo.png\" alt=\"petite camionnette\" width=\"120\" height=\"120\"><\/p>\n<h3 style=\"text-align: center;\"><img decoding=\"async\" class=\"lazyload alignnone wp-image-19193 size-full\" src=\"data:image\/svg+xml,%3Csvg%20xmlns%3D%27http%3A%2F%2Fwww.w3.org%2F2000%2Fsvg%27%20width%3D%2775%27%20height%3D%2775%27%20viewBox%3D%270%200%2075%2075%27%3E%3Crect%20width%3D%2775%27%20height%3D%2775%27%20fill-opacity%3D%220%22%2F%3E%3C%2Fsvg%3E\" data-orig-src=\"https:\/\/parkingrome.it\/wp-content\/uploads\/2022\/06\/indicazioni-parcheggio-moto-auto-furgone.gif\" alt=\"\" width=\"75\" height=\"75\"><\/h3>\n<h4 style=\"text-align: center;\"><strong><img decoding=\"async\" class=\"lazyload alignnone wp-image-17477 size-full\" src=\"data:image\/svg+xml,%3Csvg%20xmlns%3D%27http%3A%2F%2Fwww.w3.org%2F2000%2Fsvg%27%20width%3D%2730%27%20height%3D%2730%27%20viewBox%3D%270%200%2030%2030%27%3E%3Crect%20width%3D%2730%27%20height%3D%2730%27%20fill-opacity%3D%220%22%2F%3E%3C%2Fsvg%3E\" data-orig-src=\"https:\/\/parkingrome.it\/wp-content\/uploads\/2022\/04\/economico.png\" alt=\"\" width=\"30\" height=\"30\"><a href=\"https:\/\/parkingrome.it\/fr\/parkcity-96\/\">\u00c9CONOMIQUE : \u00e0 partir de 20 \u20ac.<\/a><\/strong><\/h4>\n<hr>\n<h4 style=\"text-align: center;\"><\/h4>\n<p>[\/vc_column_text][\/vc_column][vc_column][vc_column_text css=\u00a0\u00bb\u00a0\u00bb]<\/p>\n<h5>\u00ab\u00a0Solutions faciles et s\u00fbres pour le stationnement des motos, des voitures et des camionnettes dans la ville de Rome. Du stationnement bon march\u00e9 au stationnement en centre-ville, sans risque de ztl, places de stationnement couvertes et gard\u00e9es 24 heures sur 24.<\/h5>\n<p>[\/vc_column_text][\/vc_column][vc_column][vc_column_text]https:\/\/youtu.be\/2RCFHwSJXhc[\/vc_column_text][\/vc_column][\/vc_row][vc_row][vc_column][vc_separator][\/vc_column][\/vc_row]<\/p>\n","protected":false},"excerpt":{"rendered":"<p>[vc_row css=\u00a0\u00bb.vc_custom_1648130804861{margin-top: -50px !important;}\u00a0\u00bb][vc_column][vc_custom_heading text=\u00a0\u00bbDIRECT ! &#8211; Parking \u00e0 Rome  [&#8230;]<\/p>\n","protected":false},"author":1,"featured_media":31817,"parent":0,"menu_order":0,"comment_status":"closed","ping_status":"closed","template":"","meta":{"footnotes":""},"class_list":["post-22963","page","type-page","status-publish","has-post-thumbnail","hentry"],"yoast_head":"<!-- This site is optimized with the Yoast SEO plugin v27.5 - https:\/\/yoast.com\/product\/yoast-seo-wordpress\/ -->\n<title>Parking gard\u00e9 Roma Centro - Motos, voitures et camionnettes<\/title>\n<meta name=\"description\" content=\"parking surveill\u00e9 du centre de Rome pour les v\u00e9hicules fonctionnant \u00e0 l&#039;essence, au diesel ou au gaz. \u00e9lectrique avec des bornes de recharge pour les motos, les voitures et les camionnettes.\" \/>\n<meta name=\"robots\" content=\"noindex, follow\" \/>\n<meta property=\"og:locale\" content=\"fr_FR\" \/>\n<meta property=\"og:type\" content=\"article\" \/>\n<meta property=\"og:title\" content=\"Parking gard\u00e9 Roma Centro - Motos, voitures et camionnettes\" \/>\n<meta property=\"og:description\" content=\"parking surveill\u00e9 du centre de Rome pour les v\u00e9hicules fonctionnant \u00e0 l&#039;essence, au diesel ou au gaz. \u00e9lectrique avec des bornes de recharge pour les motos, les voitures et les camionnettes.\" \/>\n<meta property=\"og:url\" content=\"https:\/\/parkingrome.it\/fr\/votre-vehicule-reserver-un-parking-a-rome\/\" \/>\n<meta property=\"og:site_name\" content=\"Stationnement dans le centre-ville de Rome | M\u00e9tro | Centre-ville - ParkingRome.IT\" \/>\n<meta property=\"article:publisher\" content=\"https:\/\/www.facebook.com\/pages\/Parcheggi-Roma-Centro\/367506520088613\" \/>\n<meta property=\"article:modified_time\" content=\"2025-12-03T08:08:44+00:00\" \/>\n<meta property=\"og:image\" content=\"https:\/\/parkingrome.it\/wp-content\/uploads\/2024\/03\/parking-securise-dans-le-centre-de-Rome.jpg\" \/>\n\t<meta property=\"og:image:width\" content=\"1200\" \/>\n\t<meta property=\"og:image:height\" content=\"628\" \/>\n\t<meta property=\"og:image:type\" content=\"image\/jpeg\" \/>\n<meta name=\"twitter:card\" content=\"summary_large_image\" \/>\n<meta name=\"twitter:site\" content=\"@PaekingR\" \/>\n<meta name=\"twitter:label1\" content=\"Dur\u00e9e de lecture estim\u00e9e\" \/>\n\t<meta name=\"twitter:data1\" content=\"1 minute\" \/>\n<script type=\"application\/ld+json\" class=\"yoast-schema-graph\">{\"@context\":\"https:\\\/\\\/schema.org\",\"@graph\":[{\"@type\":\"WebPage\",\"@id\":\"https:\\\/\\\/parkingrome.it\\\/fr\\\/votre-vehicule-reserver-un-parking-a-rome\\\/\",\"url\":\"https:\\\/\\\/parkingrome.it\\\/fr\\\/votre-vehicule-reserver-un-parking-a-rome\\\/\",\"name\":\"Parking gard\u00e9 Roma Centro - Motos, voitures et camionnettes\",\"isPartOf\":{\"@id\":\"https:\\\/\\\/parkingrome.it\\\/fr\\\/#website\"},\"primaryImageOfPage\":{\"@id\":\"https:\\\/\\\/parkingrome.it\\\/fr\\\/votre-vehicule-reserver-un-parking-a-rome\\\/#primaryimage\"},\"image\":{\"@id\":\"https:\\\/\\\/parkingrome.it\\\/fr\\\/votre-vehicule-reserver-un-parking-a-rome\\\/#primaryimage\"},\"thumbnailUrl\":\"https:\\\/\\\/parkingrome.it\\\/wp-content\\\/uploads\\\/2024\\\/03\\\/parking-securise-dans-le-centre-de-Rome.jpg\",\"datePublished\":\"2023-03-23T16:55:49+00:00\",\"dateModified\":\"2025-12-03T08:08:44+00:00\",\"description\":\"parking surveill\u00e9 du centre de Rome pour les v\u00e9hicules fonctionnant \u00e0 l'essence, au diesel ou au gaz. \u00e9lectrique avec des bornes de recharge pour les motos, les voitures et les camionnettes.\",\"breadcrumb\":{\"@id\":\"https:\\\/\\\/parkingrome.it\\\/fr\\\/votre-vehicule-reserver-un-parking-a-rome\\\/#breadcrumb\"},\"inLanguage\":\"fr-FR\",\"potentialAction\":[{\"@type\":\"ReadAction\",\"target\":[\"https:\\\/\\\/parkingrome.it\\\/fr\\\/votre-vehicule-reserver-un-parking-a-rome\\\/\"]}]},{\"@type\":\"ImageObject\",\"inLanguage\":\"fr-FR\",\"@id\":\"https:\\\/\\\/parkingrome.it\\\/fr\\\/votre-vehicule-reserver-un-parking-a-rome\\\/#primaryimage\",\"url\":\"https:\\\/\\\/parkingrome.it\\\/wp-content\\\/uploads\\\/2024\\\/03\\\/parking-securise-dans-le-centre-de-Rome.jpg\",\"contentUrl\":\"https:\\\/\\\/parkingrome.it\\\/wp-content\\\/uploads\\\/2024\\\/03\\\/parking-securise-dans-le-centre-de-Rome.jpg\",\"width\":1200,\"height\":628,\"caption\":\"Parking s\u00e9curis\u00e9 Roma Centro\"},{\"@type\":\"BreadcrumbList\",\"@id\":\"https:\\\/\\\/parkingrome.it\\\/fr\\\/votre-vehicule-reserver-un-parking-a-rome\\\/#breadcrumb\",\"itemListElement\":[{\"@type\":\"ListItem\",\"position\":1,\"name\":\"Home\",\"item\":\"https:\\\/\\\/parkingrome.it\\\/fr\\\/\"},{\"@type\":\"ListItem\",\"position\":2,\"name\":\"Votre v\u00e9hicule &#8211; r\u00e9server un parking \u00e0 Rome\"}]},{\"@type\":\"WebSite\",\"@id\":\"https:\\\/\\\/parkingrome.it\\\/fr\\\/#website\",\"url\":\"https:\\\/\\\/parkingrome.it\\\/fr\\\/\",\"name\":\"Parcheggio Roma Centro | Metro | Centro citt\u00e0 - ParkingRome.IT\",\"description\":\"Parking s\u00e9curis\u00e9, couvert et surveill\u00e9 pour voitures, motos et camionnettes \u00e0 proximit\u00e9 du m\u00e9tro \u00e0 Rome.\",\"publisher\":{\"@id\":\"https:\\\/\\\/parkingrome.it\\\/fr\\\/#organization\"},\"potentialAction\":[{\"@type\":\"SearchAction\",\"target\":{\"@type\":\"EntryPoint\",\"urlTemplate\":\"https:\\\/\\\/parkingrome.it\\\/fr\\\/?s={search_term_string}\"},\"query-input\":{\"@type\":\"PropertyValueSpecification\",\"valueRequired\":true,\"valueName\":\"search_term_string\"}}],\"inLanguage\":\"fr-FR\"},{\"@type\":\"Organization\",\"@id\":\"https:\\\/\\\/parkingrome.it\\\/fr\\\/#organization\",\"name\":\"Parking Rome\",\"url\":\"https:\\\/\\\/parkingrome.it\\\/fr\\\/\",\"logo\":{\"@type\":\"ImageObject\",\"inLanguage\":\"fr-FR\",\"@id\":\"https:\\\/\\\/parkingrome.it\\\/fr\\\/#\\\/schema\\\/logo\\\/image\\\/\",\"url\":\"https:\\\/\\\/parkingrome.it\\\/wp-content\\\/uploads\\\/2019\\\/12\\\/cropped-Parking-Rome-official-partner-min.png\",\"contentUrl\":\"https:\\\/\\\/parkingrome.it\\\/wp-content\\\/uploads\\\/2019\\\/12\\\/cropped-Parking-Rome-official-partner-min.png\",\"width\":512,\"height\":512,\"caption\":\"Parking Rome\"},\"image\":{\"@id\":\"https:\\\/\\\/parkingrome.it\\\/fr\\\/#\\\/schema\\\/logo\\\/image\\\/\"},\"sameAs\":[\"https:\\\/\\\/www.facebook.com\\\/pages\\\/Parcheggi-Roma-Centro\\\/367506520088613\",\"https:\\\/\\\/x.com\\\/PaekingR\",\"https:\\\/\\\/www.youtube.com\\\/c\\\/ParkingromeIt01\"]}]}<\/script>\n<!-- \/ Yoast SEO plugin. -->","yoast_head_json":{"title":"Parking gard\u00e9 Roma Centro - Motos, voitures et camionnettes","description":"parking surveill\u00e9 du centre de Rome pour les v\u00e9hicules fonctionnant \u00e0 l'essence, au diesel ou au gaz. \u00e9lectrique avec des bornes de recharge pour les motos, les voitures et les camionnettes.","robots":{"index":"noindex","follow":"follow"},"og_locale":"fr_FR","og_type":"article","og_title":"Parking gard\u00e9 Roma Centro - Motos, voitures et camionnettes","og_description":"parking surveill\u00e9 du centre de Rome pour les v\u00e9hicules fonctionnant \u00e0 l'essence, au diesel ou au gaz. \u00e9lectrique avec des bornes de recharge pour les motos, les voitures et les camionnettes.","og_url":"https:\/\/parkingrome.it\/fr\/votre-vehicule-reserver-un-parking-a-rome\/","og_site_name":"Stationnement dans le centre-ville de Rome | M\u00e9tro | Centre-ville - ParkingRome.IT","article_publisher":"https:\/\/www.facebook.com\/pages\/Parcheggi-Roma-Centro\/367506520088613","article_modified_time":"2025-12-03T08:08:44+00:00","og_image":[{"width":1200,"height":628,"url":"https:\/\/parkingrome.it\/wp-content\/uploads\/2024\/03\/parking-securise-dans-le-centre-de-Rome.jpg","type":"image\/jpeg"}],"twitter_card":"summary_large_image","twitter_site":"@PaekingR","twitter_misc":{"Dur\u00e9e de lecture estim\u00e9e":"1 minute"},"schema":{"@context":"https:\/\/schema.org","@graph":[{"@type":"WebPage","@id":"https:\/\/parkingrome.it\/fr\/votre-vehicule-reserver-un-parking-a-rome\/","url":"https:\/\/parkingrome.it\/fr\/votre-vehicule-reserver-un-parking-a-rome\/","name":"Parking gard\u00e9 Roma Centro - Motos, voitures et camionnettes","isPartOf":{"@id":"https:\/\/parkingrome.it\/fr\/#website"},"primaryImageOfPage":{"@id":"https:\/\/parkingrome.it\/fr\/votre-vehicule-reserver-un-parking-a-rome\/#primaryimage"},"image":{"@id":"https:\/\/parkingrome.it\/fr\/votre-vehicule-reserver-un-parking-a-rome\/#primaryimage"},"thumbnailUrl":"https:\/\/parkingrome.it\/wp-content\/uploads\/2024\/03\/parking-securise-dans-le-centre-de-Rome.jpg","datePublished":"2023-03-23T16:55:49+00:00","dateModified":"2025-12-03T08:08:44+00:00","description":"parking surveill\u00e9 du centre de Rome pour les v\u00e9hicules fonctionnant \u00e0 l'essence, au diesel ou au gaz. \u00e9lectrique avec des bornes de recharge pour les motos, les voitures et les camionnettes.","breadcrumb":{"@id":"https:\/\/parkingrome.it\/fr\/votre-vehicule-reserver-un-parking-a-rome\/#breadcrumb"},"inLanguage":"fr-FR","potentialAction":[{"@type":"ReadAction","target":["https:\/\/parkingrome.it\/fr\/votre-vehicule-reserver-un-parking-a-rome\/"]}]},{"@type":"ImageObject","inLanguage":"fr-FR","@id":"https:\/\/parkingrome.it\/fr\/votre-vehicule-reserver-un-parking-a-rome\/#primaryimage","url":"https:\/\/parkingrome.it\/wp-content\/uploads\/2024\/03\/parking-securise-dans-le-centre-de-Rome.jpg","contentUrl":"https:\/\/parkingrome.it\/wp-content\/uploads\/2024\/03\/parking-securise-dans-le-centre-de-Rome.jpg","width":1200,"height":628,"caption":"Parking s\u00e9curis\u00e9 Roma Centro"},{"@type":"BreadcrumbList","@id":"https:\/\/parkingrome.it\/fr\/votre-vehicule-reserver-un-parking-a-rome\/#breadcrumb","itemListElement":[{"@type":"ListItem","position":1,"name":"Home","item":"https:\/\/parkingrome.it\/fr\/"},{"@type":"ListItem","position":2,"name":"Votre v\u00e9hicule &#8211; r\u00e9server un parking \u00e0 Rome"}]},{"@type":"WebSite","@id":"https:\/\/parkingrome.it\/fr\/#website","url":"https:\/\/parkingrome.it\/fr\/","name":"Parcheggio Roma Centro | Metro | Centro citt\u00e0 - ParkingRome.IT","description":"Parking s\u00e9curis\u00e9, couvert et surveill\u00e9 pour voitures, motos et camionnettes \u00e0 proximit\u00e9 du m\u00e9tro \u00e0 Rome.","publisher":{"@id":"https:\/\/parkingrome.it\/fr\/#organization"},"potentialAction":[{"@type":"SearchAction","target":{"@type":"EntryPoint","urlTemplate":"https:\/\/parkingrome.it\/fr\/?s={search_term_string}"},"query-input":{"@type":"PropertyValueSpecification","valueRequired":true,"valueName":"search_term_string"}}],"inLanguage":"fr-FR"},{"@type":"Organization","@id":"https:\/\/parkingrome.it\/fr\/#organization","name":"Parking Rome","url":"https:\/\/parkingrome.it\/fr\/","logo":{"@type":"ImageObject","inLanguage":"fr-FR","@id":"https:\/\/parkingrome.it\/fr\/#\/schema\/logo\/image\/","url":"https:\/\/parkingrome.it\/wp-content\/uploads\/2019\/12\/cropped-Parking-Rome-official-partner-min.png","contentUrl":"https:\/\/parkingrome.it\/wp-content\/uploads\/2019\/12\/cropped-Parking-Rome-official-partner-min.png","width":512,"height":512,"caption":"Parking Rome"},"image":{"@id":"https:\/\/parkingrome.it\/fr\/#\/schema\/logo\/image\/"},"sameAs":["https:\/\/www.facebook.com\/pages\/Parcheggi-Roma-Centro\/367506520088613","https:\/\/x.com\/PaekingR","https:\/\/www.youtube.com\/c\/ParkingromeIt01"]}]}},"_links":{"self":[{"href":"https:\/\/parkingrome.it\/fr\/wp-json\/wp\/v2\/pages\/22963","targetHints":{"allow":["GET"]}}],"collection":[{"href":"https:\/\/parkingrome.it\/fr\/wp-json\/wp\/v2\/pages"}],"about":[{"href":"https:\/\/parkingrome.it\/fr\/wp-json\/wp\/v2\/types\/page"}],"author":[{"embeddable":true,"href":"https:\/\/parkingrome.it\/fr\/wp-json\/wp\/v2\/users\/1"}],"replies":[{"embeddable":true,"href":"https:\/\/parkingrome.it\/fr\/wp-json\/wp\/v2\/comments?post=22963"}],"version-history":[{"count":4,"href":"https:\/\/parkingrome.it\/fr\/wp-json\/wp\/v2\/pages\/22963\/revisions"}],"predecessor-version":[{"id":40525,"href":"https:\/\/parkingrome.it\/fr\/wp-json\/wp\/v2\/pages\/22963\/revisions\/40525"}],"wp:featuredmedia":[{"embeddable":true,"href":"https:\/\/parkingrome.it\/fr\/wp-json\/wp\/v2\/media\/31817"}],"wp:attachment":[{"href":"https:\/\/parkingrome.it\/fr\/wp-json\/wp\/v2\/media?parent=22963"}],"curies":[{"name":"wp","href":"https:\/\/api.w.org\/{rel}","templated":true}]}}