{"id":21272,"date":"2015-01-02T17:52:15","date_gmt":"2015-01-02T16:52:15","guid":{"rendered":"https:\/\/staging.parkingrome.it\/politica-de-privacidade-e-cookie\/"},"modified":"2015-01-02T17:52:15","modified_gmt":"2015-01-02T16:52:15","slug":"politica-de-privacidade-e-cookie","status":"publish","type":"page","link":"https:\/\/parkingrome.it\/pt-pt\/politica-de-privacidade-e-cookie\/","title":{"rendered":"Pol\u00edtica de Privacidade e Cookie"},"content":{"rendered":"<div class=\"iub_header\">\n<h1>Pol\u00edtica de Privacidade de <strong>www.parkingrome.it\/<\/strong><\/h1>\n<p>Para obter informa\u00e7\u00f5es sobre os seus dados pessoais recolhidos, os fins para os quais s\u00e3o recolhidos e as partes com quem os dados s\u00e3o partilhados, queira contactar o Controlador.<\/p>\n<\/div>\n<div class=\"one_line_col\">\n<h2 id=\"owner_of_the_data\">Controlador de dados<\/h2>\n<p>Parkcity 96 Viale Furio Camillo 54 b, 00181 Roma (RM)<\/p>\n<p><b>Endere\u00e7o de correio electr\u00f3nico do titular:<\/b> booking@parkingrome.it<\/p>\n<\/div>\n<div class=\"one_line_col\">\n<h2 id=\"types_of_data\">Tipos de Dados Recolhidos<\/h2>\n<p>O Controlador n\u00e3o fornece uma lista dos tipos de Dados Pessoais recolhidos.<\/p>\n<p>Detalhes completos sobre cada tipo de dados recolhidos s\u00e3o fornecidos nas sec\u00e7\u00f5es dedicadas desta pol\u00edtica de privacidade ou atrav\u00e9s de textos de informa\u00e7\u00e3o espec\u00edficos apresentados antes da recolha dos dados.<br \/>\nOs Dados Pessoais podem ser livremente fornecidos pelo Utilizador ou, no caso de Dados de Utilizador, recolhidos automaticamente durante a utiliza\u00e7\u00e3o da presente Aplica\u00e7\u00e3o.<br \/>\nSalvo especifica\u00e7\u00e3o em contr\u00e1rio, todos os Dados solicitados por esta Aplica\u00e7\u00e3o s\u00e3o obrigat\u00f3rios. Se o Utilizador se recusar a comunic\u00e1-los, poder\u00e1 ser imposs\u00edvel para esta Aplica\u00e7\u00e3o fornecer o Servi\u00e7o. Nos casos em que esta Aplica\u00e7\u00e3o indicar certos Dados como opcionais, os Utilizadores s\u00e3o livres de se absterem de comunicar tais Dados, sem que isso tenha qualquer consequ\u00eancia sobre a disponibilidade do Servi\u00e7o ou o seu funcionamento.<br \/>\nOs utilizadores em d\u00favida quanto aos Dados obrigat\u00f3rios s\u00e3o encorajados a contactar o Controlador.<br \/>\nA poss\u00edvel utiliza\u00e7\u00e3o de Cookies &#8211; ou de outras ferramentas de rastreio &#8211; por esta Aplica\u00e7\u00e3o ou pelos propriet\u00e1rios de servi\u00e7os de terceiros utilizados por esta Aplica\u00e7\u00e3o, salvo especifica\u00e7\u00e3o em contr\u00e1rio, tem o objectivo de fornecer o Servi\u00e7o solicitado pelo Utilizador, para al\u00e9m dos outros objectivos descritos neste documento e na Pol\u00edtica de Cookies, se dispon\u00edveis.<\/p>\n<p>O Utilizador assume a responsabilidade pelos Dados Pessoais de terceiros obtidos, publicados ou partilhados atrav\u00e9s desta Aplica\u00e7\u00e3o e garante que tem o direito de os comunicar ou divulgar, exonerando o Propriet\u00e1rio de qualquer responsabilidade perante terceiros.<\/p>\n<\/div>\n<div class=\"one_line_col\">\n<h2 id=\"place_of_processing\">M\u00e9todo e localiza\u00e7\u00e3o do processamento de dados<\/h2>\n<h3>Modos de tratamento<\/h3>\n<p>O Controlador toma as medidas de seguran\u00e7a adequadas para impedir o acesso n\u00e3o autorizado, divulga\u00e7\u00e3o, modifica\u00e7\u00e3o ou destrui\u00e7\u00e3o de Dados Pessoais.<br \/>\nO processamento \u00e9 efectuado atrav\u00e9s de ferramentas inform\u00e1ticas e\/ou telem\u00e1ticas, com m\u00e9todos de organiza\u00e7\u00e3o e l\u00f3gica estritamente relacionados com os fins indicados. Al\u00e9m do respons\u00e1vel pelo tratamento de dados, em alguns casos, outros sujeitos envolvidos na organiza\u00e7\u00e3o desta aplica\u00e7\u00e3o (administrativos, comerciais, de marketing, jur\u00eddicos, administradores de sistemas) ou sujeitos externos (tais como fornecedores de servi\u00e7os t\u00e9cnicos de terceiros, correios, fornecedores de alojamento, empresas de TI, ag\u00eancias de comunica\u00e7\u00e3o) tamb\u00e9m podem, se necess\u00e1rio, ser nomeados pelo respons\u00e1vel pelo tratamento de dados, os processadores de dados podem ter acesso aos dados. A lista actualizada de Processadores de Dados pode sempre ser solicitada ao Controlador de Dados.<\/p>\n<h3>Base jur\u00eddica para o processamento<\/h3>\n<p>O Controlador processa Dados Pessoais relacionados com o Utilizador se uma das seguintes condi\u00e7\u00f5es for cumprida:<\/p>\n<ul>\n<li>o Utilizador deu o seu consentimento para um ou mais fins espec\u00edficos; Nota: em algumas jurisdi\u00e7\u00f5es, o Controlador pode ser autorizado a processar Dados Pessoais sem o consentimento do Utilizador ou outra das bases legais especificadas abaixo, at\u00e9 o Utilizador se opor (&#8220;opt-out&#8221;) a tal processamento. Contudo, isto n\u00e3o se aplica se o tratamento de dados pessoais for regido pela legisla\u00e7\u00e3o europeia sobre a protec\u00e7\u00e3o de dados pessoais;<\/li>\n<li>o processamento \u00e9 necess\u00e1rio para a execu\u00e7\u00e3o de um contrato com o Utilizador e\/ou a execu\u00e7\u00e3o de medidas pr\u00e9-contratuais;<\/li>\n<li>processamento \u00e9 necess\u00e1rio para cumprir uma obriga\u00e7\u00e3o legal a que o Controlador est\u00e1 sujeito;<\/li>\n<li>o processamento \u00e9 necess\u00e1rio para o desempenho de uma tarefa de interesse p\u00fablico ou no exerc\u00edcio da autoridade oficial investida no Controlador;<\/li>\n<li>O processamento \u00e9 necess\u00e1rio para a prossecu\u00e7\u00e3o do interesse leg\u00edtimo do Controlador ou de terceiros.<\/li>\n<\/ul>\n<p>Contudo, \u00e9 sempre poss\u00edvel pedir ao Controlador que clarifique a base jur\u00eddica concreta de cada opera\u00e7\u00e3o de processamento e, em particular, que especifique se o processamento \u00e9 baseado na lei, exigido por um contrato ou necess\u00e1rio para celebrar um contrato.<\/p>\n<h3>Lugar<\/h3>\n<p>Os Dados s\u00e3o processados nas instala\u00e7\u00f5es do Controlador de Dados e em qualquer outro local onde se encontrem as partes envolvidas no processamento. Para mais informa\u00e7\u00f5es, queira contactar o propriet\u00e1rio.<br \/>\nOs Dados Pessoais do Utilizador podem ser transferidos para um pa\u00eds diferente do pa\u00eds onde o Utilizador se encontra. A fim de obter mais informa\u00e7\u00f5es sobre o local onde o processamento tem lugar, o Utilizador pode consultar a sec\u00e7\u00e3o sobre detalhes sobre o processamento de Dados Pessoais.<\/p>\n<p>O Utilizador tem o direito de obter informa\u00e7\u00f5es sobre a base jur\u00eddica para a transfer\u00eancia de Dados fora da Uni\u00e3o Europeia ou para uma organiza\u00e7\u00e3o internacional de direito internacional p\u00fablico ou constitu\u00edda por dois ou mais pa\u00edses, como a ONU, bem como sobre as medidas de seguran\u00e7a tomadas pelo Controlador de Dados para proteger os Dados.<\/p>\n<p>O Utilizador pode verificar se uma das transfer\u00eancias descritas anteriormente teve lugar examinando a sec\u00e7\u00e3o deste documento relativa aos detalhes sobre o processamento de Dados Pessoais ou solicitar informa\u00e7\u00f5es ao Controlador entrando em contacto com ele nos dados de contacto fornecidos no in\u00edcio.<\/p>\n<h3>Per\u00edodo de reten\u00e7\u00e3o<\/h3>\n<p>Os dados s\u00e3o processados e armazenados durante o tempo exigido pelos objectivos para os quais foram recolhidos.<\/p>\n<p>Por conseguinte:<\/p>\n<ul>\n<li>Os Dados Pessoais recolhidos para fins relacionados com a execu\u00e7\u00e3o de um contrato entre o Controlador e o Utilizador ser\u00e3o retidos at\u00e9 que a execu\u00e7\u00e3o desse contrato seja conclu\u00edda.<\/li>\n<li>Os dados pessoais recolhidos para fins atribu\u00edveis ao interesse leg\u00edtimo do Controlador ser\u00e3o retidos at\u00e9 que tal interesse seja satisfeito. O Utilizador pode obter mais informa\u00e7\u00f5es sobre o interesse leg\u00edtimo perseguido pelo Controlador nas sec\u00e7\u00f5es pertinentes deste documento ou contactando o Controlador.<\/li>\n<\/ul>\n<p>Quando o processamento for baseado no consentimento do Utilizador, o Controlador pode conservar os Dados Pessoais por mais tempo at\u00e9 que tal consentimento seja revogado. Al\u00e9m disso, o Controlador pode ser obrigado a conservar os Dados Pessoais por um per\u00edodo mais longo, em conformidade com uma obriga\u00e7\u00e3o legal ou por ordem de uma autoridade.<\/p>\n<p>No final do per\u00edodo de reten\u00e7\u00e3o, os Dados Pessoais ser\u00e3o apagados. Por conseguinte, no termo deste per\u00edodo, o direito de acesso, cancelamento, rectifica\u00e7\u00e3o e o direito \u00e0 portabilidade dos dados j\u00e1 n\u00e3o pode ser exercido.<\/p>\n<\/div>\n<div class=\"one_line_col\">\n<h2>Direitos do Utilizador<\/h2>\n<p>Os utilizadores podem exercer certos direitos em rela\u00e7\u00e3o aos Dados processados pelo Controlador de Dados.<\/p>\n<p>Em particular, o Utilizador tem o direito de o fazer:<\/p>\n<ul>\n<li><b>retirar o consentimento em qualquer altura.<\/b>  O Utilizador pode revogar o seu consentimento previamente expresso para o tratamento dos seus Dados Pessoais.<\/li>\n<li><b>opor-se ao tratamento dos seus Dados.<\/b>  Os utilizadores podem opor-se ao processamento dos seus Dados quando este \u00e9 feito numa base legal que n\u00e3o seja o consentimento. Mais detalhes sobre o direito de objec\u00e7\u00e3o s\u00e3o fornecidos na sec\u00e7\u00e3o abaixo.<\/li>\n<li><b>acesso aos seus Dados.<\/b>  O Utilizador tem o direito de obter informa\u00e7\u00f5es sobre os Dados processados pelo Controlador, sobre certos aspectos do processamento e de receber uma c\u00f3pia dos Dados processados.<\/li>\n<li><b>verificar e pedir rectifica\u00e7\u00e3o.<\/b>  O Utilizador pode verificar a correc\u00e7\u00e3o dos seus Dados e solicitar que os mesmos sejam actualizados ou corrigidos.<\/li>\n<li><b>obter restri\u00e7\u00e3o de processamento.<\/b>  Quando certas condi\u00e7\u00f5es s\u00e3o cumpridas, o Utilizador pode solicitar a restri\u00e7\u00e3o do processamento dos seus Dados. Neste caso, o Controlador de Dados n\u00e3o processar\u00e1 os Dados para qualquer outro fim que n\u00e3o seja o seu armazenamento.<\/li>\n<li><b>obter a elimina\u00e7\u00e3o ou remo\u00e7\u00e3o dos seus Dados Pessoais.<\/b>  Quando certas condi\u00e7\u00f5es s\u00e3o cumpridas, o Utilizador pode solicitar a elimina\u00e7\u00e3o dos seus Dados pelo Controlador.<\/li>\n<li><b>receberem os seus Dados ou transferi-los para outro controlador de dados.<\/b>  O Utilizador tem o direito de receber os seus Dados num formato estruturado, comummente utilizado e leg\u00edvel por m\u00e1quina e, quando tecnicamente vi\u00e1vel, de os ter transferidos sem impedimentos para outro controlador de dados. Esta disposi\u00e7\u00e3o \u00e9 aplic\u00e1vel quando os Dados s\u00e3o tratados por meios automatizados e o tratamento se baseia no consentimento do Utilizador, num contrato em que o Utilizador \u00e9 parte ou em medidas contratuais com ele relacionadas.<\/li>\n<li><b>apresentar uma queixa.<\/b>  O Utilizador pode apresentar uma queixa junto da autoridade de controlo competente em mat\u00e9ria de protec\u00e7\u00e3o de dados ou intentar uma ac\u00e7\u00e3o judicial.<\/li>\n<\/ul>\n<h3>Detalhes sobre o direito de objec\u00e7\u00e3o<\/h3>\n<p>Quando os Dados Pessoais s\u00e3o tratados no interesse p\u00fablico, no exerc\u00edcio da autoridade p\u00fablica investida no Controlador ou na prossecu\u00e7\u00e3o de um interesse leg\u00edtimo do Controlador, os Utilizadores t\u00eam o direito de se oporem ao tratamento por motivos relacionados com a sua situa\u00e7\u00e3o particular.<\/p>\n<p>Os utilizadores s\u00e3o informados de que se os seus Dados forem processados para fins de marketing directo, podem opor-se ao processamento sem apresentar quaisquer raz\u00f5es. Para saber se o Controlador processa dados para fins de marketing directo, os Utilizadores podem consultar as respectivas sec\u00e7\u00f5es do presente documento.<\/p>\n<h3>Como exercer os direitos<\/h3>\n<p>Para exercer os direitos do Utilizador, os Utilizadores podem dirigir um pedido aos dados de contacto do Controlador indicados neste documento. Os pedidos s\u00e3o apresentados gratuitamente e processados pelo Titular o mais rapidamente poss\u00edvel, em qualquer caso no prazo de um m\u00eas.<\/p>\n<\/div>\n<div class=\"one_line_col\">\n<h2 id=\"further_data_processing_info\">Mais informa\u00e7\u00f5es sobre o tratamento<\/h2>\n<h3>Defesa em tribunal<\/h3>\n<p>Os Dados Pessoais do Utilizador podem ser utilizados pelo Controlador de Dados em processos judiciais ou nas fases preparat\u00f3rias ao seu eventual estabelecimento para a defesa contra abusos na utiliza\u00e7\u00e3o desta Aplica\u00e7\u00e3o ou servi\u00e7os relacionados pelo Utilizador.<br \/>\nO Utilizador declara estar ciente de que o Controlador de Dados poder\u00e1 ser obrigado a divulgar os Dados por ordem das autoridades p\u00fablicas.<\/p>\n<h3>Informa\u00e7\u00e3o espec\u00edfica<\/h3>\n<p>A pedido do Utilizador, para al\u00e9m das informa\u00e7\u00f5es contidas nesta pol\u00edtica de privacidade, esta Aplica\u00e7\u00e3o pode fornecer ao Utilizador informa\u00e7\u00f5es adicionais e contextuais relativas a Servi\u00e7os espec\u00edficos, ou \u00e0 recolha e processamento de Dados Pessoais.<\/p>\n<h3>Registos e manuten\u00e7\u00e3o do sistema<\/h3>\n<p>Para efeitos de opera\u00e7\u00e3o e manuten\u00e7\u00e3o, esta Aplica\u00e7\u00e3o e quaisquer servi\u00e7os de terceiros por ela utilizados podem recolher registos do sistema, ou seja, ficheiros que registam interac\u00e7\u00f5es e que podem tamb\u00e9m conter Dados Pessoais, tais como o endere\u00e7o IP do Utilizador.<\/p>\n<h3>Informa\u00e7\u00e3o n\u00e3o contida nesta pol\u00edtica<\/h3>\n<p>Outras informa\u00e7\u00f5es relacionadas com o processamento de Dados Pessoais podem ser solicitadas a qualquer momento ao Controlador de Dados utilizando os dados de contacto.<\/p>\n<h3>Responder a pedidos de &#8216;N\u00e3o Rastrear&#8217;.<\/h3>\n<p>Este pedido n\u00e3o suporta pedidos de &#8216;N\u00e3o Rastrear&#8217;.<br \/>\nPara saber se qualquer servi\u00e7o de terceiros utilizado os suporta, o Utilizador \u00e9 convidado a consultar as suas respectivas pol\u00edticas de privacidade.<\/p>\n<h3>Altera\u00e7\u00f5es a esta pol\u00edtica de privacidade<\/h3>\n<p>O Controlador de Dados reserva-se o direito de fazer altera\u00e7\u00f5es a esta pol\u00edtica de privacidade em qualquer altura, informando os Utilizadores nesta p\u00e1gina e, se poss\u00edvel, nesta Aplica\u00e7\u00e3o, bem como, se tecnicamente e legalmente vi\u00e1vel, enviando uma notifica\u00e7\u00e3o aos Utilizadores atrav\u00e9s de um dos dados de contacto na posse do Controlador de Dados. Por favor, consulte esta p\u00e1gina regularmente, referindo-se \u00e0 data da \u00faltima modifica\u00e7\u00e3o indicada na parte inferior.<\/p>\n<p>Se as altera\u00e7\u00f5es afectarem o processamento cuja base legal \u00e9 o consentimento, o Controlador recolher\u00e1 novamente o consentimento do Utilizador, se necess\u00e1rio.<\/p>\n<\/div>\n","protected":false},"excerpt":{"rendered":"<p>Pol\u00edtica de Privacidade de www.parkingrome.it\/ Para obter informa\u00e7\u00f5es sobre os  [&#8230;]<\/p>\n","protected":false},"author":1,"featured_media":0,"parent":0,"menu_order":0,"comment_status":"closed","ping_status":"closed","template":"","meta":{"footnotes":""},"class_list":["post-21272","page","type-page","status-publish","hentry"],"yoast_head":"<!-- This site is optimized with the Yoast SEO plugin v27.5 - https:\/\/yoast.com\/product\/yoast-seo-wordpress\/ -->\n<title>Pol\u00edtica de Privacidade e Cookie - Estacionamento no centro de Roma | Metro | Centro da cidade - ParkingRome.IT<\/title>\n<meta name=\"robots\" content=\"noindex, nofollow\" \/>\n<meta property=\"og:locale\" content=\"pt_PT\" \/>\n<meta property=\"og:type\" content=\"article\" \/>\n<meta property=\"og:title\" content=\"Pol\u00edtica de Privacidade e Cookie - Estacionamento no centro de Roma | Metro | Centro da cidade - ParkingRome.IT\" \/>\n<meta property=\"og:description\" content=\"Pol\u00edtica de Privacidade de www.parkingrome.it\/ Para obter informa\u00e7\u00f5es sobre os [...]\" \/>\n<meta property=\"og:url\" content=\"https:\/\/parkingrome.it\/pt-pt\/politica-de-privacidade-e-cookie\/\" \/>\n<meta property=\"og:site_name\" content=\"Estacionamento no centro de Roma | Metro | Centro da cidade - ParkingRome.IT\" \/>\n<meta property=\"article:publisher\" content=\"https:\/\/www.facebook.com\/pages\/Parcheggi-Roma-Centro\/367506520088613\" \/>\n<meta property=\"og:image\" content=\"https:\/\/parkingrome.it\/wp-content\/uploads\/2019\/12\/Parking-Rome.jpg\" \/>\n\t<meta property=\"og:image:width\" content=\"200\" \/>\n\t<meta property=\"og:image:height\" content=\"200\" \/>\n\t<meta property=\"og:image:type\" content=\"image\/jpeg\" \/>\n<meta name=\"twitter:card\" content=\"summary_large_image\" \/>\n<meta name=\"twitter:site\" content=\"@PaekingR\" \/>\n<meta name=\"twitter:label1\" content=\"Tempo estimado de leitura\" \/>\n\t<meta name=\"twitter:data1\" content=\"10 minutos\" \/>\n<script type=\"application\/ld+json\" class=\"yoast-schema-graph\">{\"@context\":\"https:\\\/\\\/schema.org\",\"@graph\":[{\"@type\":\"WebPage\",\"@id\":\"https:\\\/\\\/parkingrome.it\\\/pt-pt\\\/politica-de-privacidade-e-cookie\\\/\",\"url\":\"https:\\\/\\\/parkingrome.it\\\/pt-pt\\\/politica-de-privacidade-e-cookie\\\/\",\"name\":\"Pol\u00edtica de Privacidade e Cookie - Estacionamento no centro de Roma | Metro | Centro da cidade - ParkingRome.IT\",\"isPartOf\":{\"@id\":\"https:\\\/\\\/parkingrome.it\\\/pt-pt\\\/#website\"},\"datePublished\":\"2015-01-02T16:52:15+00:00\",\"breadcrumb\":{\"@id\":\"https:\\\/\\\/parkingrome.it\\\/pt-pt\\\/politica-de-privacidade-e-cookie\\\/#breadcrumb\"},\"inLanguage\":\"pt-PT\",\"potentialAction\":[{\"@type\":\"ReadAction\",\"target\":[\"https:\\\/\\\/parkingrome.it\\\/pt-pt\\\/politica-de-privacidade-e-cookie\\\/\"]}]},{\"@type\":\"BreadcrumbList\",\"@id\":\"https:\\\/\\\/parkingrome.it\\\/pt-pt\\\/politica-de-privacidade-e-cookie\\\/#breadcrumb\",\"itemListElement\":[{\"@type\":\"ListItem\",\"position\":1,\"name\":\"Home\",\"item\":\"https:\\\/\\\/parkingrome.it\\\/pt-pt\\\/\"},{\"@type\":\"ListItem\",\"position\":2,\"name\":\"Pol\u00edtica de Privacidade e Cookie\"}]},{\"@type\":\"WebSite\",\"@id\":\"https:\\\/\\\/parkingrome.it\\\/pt-pt\\\/#website\",\"url\":\"https:\\\/\\\/parkingrome.it\\\/pt-pt\\\/\",\"name\":\"Parcheggio Roma Centro | Metro | Centro citt\u00e0 - ParkingRome.IT\",\"description\":\"Estacionamento seguro, coberto e vigiado para carros, motos e carrinhas perto do metro em Roma.\",\"publisher\":{\"@id\":\"https:\\\/\\\/parkingrome.it\\\/pt-pt\\\/#organization\"},\"potentialAction\":[{\"@type\":\"SearchAction\",\"target\":{\"@type\":\"EntryPoint\",\"urlTemplate\":\"https:\\\/\\\/parkingrome.it\\\/pt-pt\\\/?s={search_term_string}\"},\"query-input\":{\"@type\":\"PropertyValueSpecification\",\"valueRequired\":true,\"valueName\":\"search_term_string\"}}],\"inLanguage\":\"pt-PT\"},{\"@type\":\"Organization\",\"@id\":\"https:\\\/\\\/parkingrome.it\\\/pt-pt\\\/#organization\",\"name\":\"Parking Rome\",\"url\":\"https:\\\/\\\/parkingrome.it\\\/pt-pt\\\/\",\"logo\":{\"@type\":\"ImageObject\",\"inLanguage\":\"pt-PT\",\"@id\":\"https:\\\/\\\/parkingrome.it\\\/pt-pt\\\/#\\\/schema\\\/logo\\\/image\\\/\",\"url\":\"https:\\\/\\\/parkingrome.it\\\/wp-content\\\/uploads\\\/2019\\\/12\\\/cropped-Parking-Rome-official-partner-min.png\",\"contentUrl\":\"https:\\\/\\\/parkingrome.it\\\/wp-content\\\/uploads\\\/2019\\\/12\\\/cropped-Parking-Rome-official-partner-min.png\",\"width\":512,\"height\":512,\"caption\":\"Parking Rome\"},\"image\":{\"@id\":\"https:\\\/\\\/parkingrome.it\\\/pt-pt\\\/#\\\/schema\\\/logo\\\/image\\\/\"},\"sameAs\":[\"https:\\\/\\\/www.facebook.com\\\/pages\\\/Parcheggi-Roma-Centro\\\/367506520088613\",\"https:\\\/\\\/x.com\\\/PaekingR\",\"https:\\\/\\\/www.youtube.com\\\/c\\\/ParkingromeIt01\"]}]}<\/script>\n<!-- \/ Yoast SEO plugin. -->","yoast_head_json":{"title":"Pol\u00edtica de Privacidade e Cookie - Estacionamento no centro de Roma | Metro | Centro da cidade - ParkingRome.IT","robots":{"index":"noindex","follow":"nofollow"},"og_locale":"pt_PT","og_type":"article","og_title":"Pol\u00edtica de Privacidade e Cookie - Estacionamento no centro de Roma | Metro | Centro da cidade - ParkingRome.IT","og_description":"Pol\u00edtica de Privacidade de www.parkingrome.it\/ Para obter informa\u00e7\u00f5es sobre os [...]","og_url":"https:\/\/parkingrome.it\/pt-pt\/politica-de-privacidade-e-cookie\/","og_site_name":"Estacionamento no centro de Roma | Metro | Centro da cidade - ParkingRome.IT","article_publisher":"https:\/\/www.facebook.com\/pages\/Parcheggi-Roma-Centro\/367506520088613","og_image":[{"width":200,"height":200,"url":"https:\/\/parkingrome.it\/wp-content\/uploads\/2019\/12\/Parking-Rome.jpg","type":"image\/jpeg"}],"twitter_card":"summary_large_image","twitter_site":"@PaekingR","twitter_misc":{"Tempo estimado de leitura":"10 minutos"},"schema":{"@context":"https:\/\/schema.org","@graph":[{"@type":"WebPage","@id":"https:\/\/parkingrome.it\/pt-pt\/politica-de-privacidade-e-cookie\/","url":"https:\/\/parkingrome.it\/pt-pt\/politica-de-privacidade-e-cookie\/","name":"Pol\u00edtica de Privacidade e Cookie - Estacionamento no centro de Roma | Metro | Centro da cidade - ParkingRome.IT","isPartOf":{"@id":"https:\/\/parkingrome.it\/pt-pt\/#website"},"datePublished":"2015-01-02T16:52:15+00:00","breadcrumb":{"@id":"https:\/\/parkingrome.it\/pt-pt\/politica-de-privacidade-e-cookie\/#breadcrumb"},"inLanguage":"pt-PT","potentialAction":[{"@type":"ReadAction","target":["https:\/\/parkingrome.it\/pt-pt\/politica-de-privacidade-e-cookie\/"]}]},{"@type":"BreadcrumbList","@id":"https:\/\/parkingrome.it\/pt-pt\/politica-de-privacidade-e-cookie\/#breadcrumb","itemListElement":[{"@type":"ListItem","position":1,"name":"Home","item":"https:\/\/parkingrome.it\/pt-pt\/"},{"@type":"ListItem","position":2,"name":"Pol\u00edtica de Privacidade e Cookie"}]},{"@type":"WebSite","@id":"https:\/\/parkingrome.it\/pt-pt\/#website","url":"https:\/\/parkingrome.it\/pt-pt\/","name":"Parcheggio Roma Centro | Metro | Centro citt\u00e0 - ParkingRome.IT","description":"Estacionamento seguro, coberto e vigiado para carros, motos e carrinhas perto do metro em Roma.","publisher":{"@id":"https:\/\/parkingrome.it\/pt-pt\/#organization"},"potentialAction":[{"@type":"SearchAction","target":{"@type":"EntryPoint","urlTemplate":"https:\/\/parkingrome.it\/pt-pt\/?s={search_term_string}"},"query-input":{"@type":"PropertyValueSpecification","valueRequired":true,"valueName":"search_term_string"}}],"inLanguage":"pt-PT"},{"@type":"Organization","@id":"https:\/\/parkingrome.it\/pt-pt\/#organization","name":"Parking Rome","url":"https:\/\/parkingrome.it\/pt-pt\/","logo":{"@type":"ImageObject","inLanguage":"pt-PT","@id":"https:\/\/parkingrome.it\/pt-pt\/#\/schema\/logo\/image\/","url":"https:\/\/parkingrome.it\/wp-content\/uploads\/2019\/12\/cropped-Parking-Rome-official-partner-min.png","contentUrl":"https:\/\/parkingrome.it\/wp-content\/uploads\/2019\/12\/cropped-Parking-Rome-official-partner-min.png","width":512,"height":512,"caption":"Parking Rome"},"image":{"@id":"https:\/\/parkingrome.it\/pt-pt\/#\/schema\/logo\/image\/"},"sameAs":["https:\/\/www.facebook.com\/pages\/Parcheggi-Roma-Centro\/367506520088613","https:\/\/x.com\/PaekingR","https:\/\/www.youtube.com\/c\/ParkingromeIt01"]}]}},"_links":{"self":[{"href":"https:\/\/parkingrome.it\/pt-pt\/wp-json\/wp\/v2\/pages\/21272","targetHints":{"allow":["GET"]}}],"collection":[{"href":"https:\/\/parkingrome.it\/pt-pt\/wp-json\/wp\/v2\/pages"}],"about":[{"href":"https:\/\/parkingrome.it\/pt-pt\/wp-json\/wp\/v2\/types\/page"}],"author":[{"embeddable":true,"href":"https:\/\/parkingrome.it\/pt-pt\/wp-json\/wp\/v2\/users\/1"}],"replies":[{"embeddable":true,"href":"https:\/\/parkingrome.it\/pt-pt\/wp-json\/wp\/v2\/comments?post=21272"}],"version-history":[{"count":0,"href":"https:\/\/parkingrome.it\/pt-pt\/wp-json\/wp\/v2\/pages\/21272\/revisions"}],"wp:attachment":[{"href":"https:\/\/parkingrome.it\/pt-pt\/wp-json\/wp\/v2\/media?parent=21272"}],"curies":[{"name":"wp","href":"https:\/\/api.w.org\/{rel}","templated":true}]}}